{"id":316,"date":"2023-11-03T15:00:02","date_gmt":"2023-11-03T15:00:02","guid":{"rendered":"https:\/\/observatoriopoliticouniversitario.com\/?page_id=316"},"modified":"2023-11-03T15:00:03","modified_gmt":"2023-11-03T15:00:03","slug":"prologo-del-libro-edilberto-imitola-villanueva-entre-libros-y-cantos","status":"publish","type":"page","link":"https:\/\/observatoriopoliticouniversitario.com\/index.php\/prologo-del-libro-edilberto-imitola-villanueva-entre-libros-y-cantos\/","title":{"rendered":"Pr\u00f3logo del libro: EDILBERTO IMITOLA VILLANUEVA: ENTRE LIBROS Y CANTOS"},"content":{"rendered":"\n<p><\/p>\n\n\n\n<p><\/p>\n\n\n\n<p><\/p>\n\n\n\n<p>UNA NOTA BIOGR\u00c1FICA<\/p>\n\n\n\n<p>La biograf\u00eda de los hombres en el mundo literario ocupa un lugar secundario. Sin embargo, es la que m\u00e1s cosas nos explica y lo hace con la fuerza irresistible de la nostalgia del pasado. Llevarla a cabo no es tarea f\u00e1cil como algunos podr\u00edan creer. Pero el docente investigador Carlos Aurelio Higgins, -miembro del Grupo de investigaciones Amauta de la Universidad del Atl\u00e1ntico y la Universidad Libre, reconocido y categorizado por el Ministerio de Ciencia, Tecnolog\u00eda e Innovaci\u00f3n Nacional (Categor\u00eda B), del cual tengo el honor de ser su Director,- se atrevi\u00f3 a ello y lo ha logrado exitosamente con el protagonista de este libro: Edilberto Imitola Villanueva, un maestro del municipio de Pioj\u00f3, nacido el d\u00eda 24 de febrero de 1932 en el hogar de Enrique Imitola Ortega y de Mar\u00eda Concepci\u00f3n Villanueva Utria, en parto atendido por la comadrona del pueblo, cuando a\u00fan yo no hab\u00eda nacido, pues ello ocurrir\u00eda 15 a\u00f1os m\u00e1s tarde, en condiciones parecidas, recibido tambi\u00e9n por una partera en el corregimiento de Saco, municipio de Juan de Acosta.<\/p>\n\n\n\n<p>Debi\u00f3 ser un acontecimiento extraordinario para Jos\u00e9 Trinidad Arteta Vargas y Corina Isabel Ripoll Jim\u00e9nez, por haber dado a luz su \u00faltimo reto\u00f1o a una edad avanzada. Soy hijo de la vejez, tal vez, por esa raz\u00f3n, m\u00e1s que por otras, es la etapa m\u00e1s adorable de mi vida y la que m\u00e1s me inspira a respetar y amar la vejez, la ancianidad y la muerte. Por esta misma raz\u00f3n, no dud\u00e9 en aceptar el compromiso de elaborar estas notas introductorias a la obra del profesor Higgins, referida a ese ilustre maestro y compositor musical que inspir\u00f3 su pluma y que continua vivo a sus 90 a\u00f1os de edad.<\/p>\n\n\n\n<p>El profesor Olavo, como cari\u00f1osamente le decimos sus amigos, utilizando la evocaci\u00f3n y la palabra vivificada, lo que considera perdido para el recuerdo, mediante el efecto selectivo de su memoria, de otras memorias y del rastreo en archivos, del cual es un experto, procura ser fiel a los hechos para mostrar la historia del personaje, no al ama\u00f1o personal, sino a partir de sus propias realidades existenciales.<\/p>\n\n\n\n<p>El inter\u00e9s, que en el lector puede despertar este trabajo biogr\u00e1fico que hoy ofrece al p\u00fablico, Olavo, radica en la importancia de una vida dedicada a la docencia como aporte significativo a la comunidad rural de los municipios de Pioj\u00f3 y de Juan de Acosta, en condiciones dif\u00edciles por la \u00e9poca en que Edilberto debi\u00f3 realizar su misi\u00f3n para desplegar su vocaci\u00f3n de servicio como la m\u00e1s noble despu\u00e9s de la crianza de los hijos.<\/p>\n\n\n\n<p>Estoy convencido que hoy a sus 90 a\u00f1os de edad, el maestro Edilberto tiene la voluntad ide\u00e1tica y l\u00fadica de \u201cvolver a vivir paso a paso la misma vida que ya ha vivido\u201d, como nos ocurre a los vitalistas, para quienes la vida es la \u00fanica realidad radical que vale la pena vivir eternamente.<br>As\u00ed lo deja entrever en una de las estrofas de una de sus canciones titulada La mujer costera:<\/p>\n\n\n\n<p>Tener poder yo quisiera<br>pa\u00b4 llev\u00e1rmelas toditas<br>y con tantas mujercitas<br>yo gozar hasta que muera.<\/p>\n\n\n\n<p>As\u00ed es maestro Edilberto, hay que seguir el ejemplo de Mustio Collado, personaje central de la novela de Gabo: Memoria de mis putas tristes y a quien la vida le dio la oportunidad del primer enamoramiento a la ins\u00f3lita edad de 90 a\u00f1os. Y seguir no solo su ejemplo, tambi\u00e9n su consejo: el sexo es el \u00fanico consuelo que uno tiene cuando no le alcanza el amor.<\/p>\n\n\n\n<p>CRIST\u00d3BAL ARTETA RIPOLL<br>Escritor y Docente investigador<br>Universidad del Atl\u00e1ntico<br>Universidad Libre de Barranquilla.<\/p>\n","protected":false},"excerpt":{"rendered":"<p>UNA NOTA BIOGR\u00c1FICA La biograf\u00eda de los hombres en el mundo literario ocupa un lugar secundario. Sin embargo, es la que m\u00e1s cosas nos explica y lo hace con la fuerza irresistible de la nostalgia del pasado. Llevarla a cabo no es tarea f\u00e1cil como algunos podr\u00edan creer. Pero el docente investigador Carlos Aurelio Higgins, [&hellip;]<\/p>\n","protected":false},"author":1,"featured_media":0,"parent":0,"menu_order":0,"comment_status":"closed","ping_status":"closed","template":"","meta":{"om_disable_all_campaigns":false,"_monsterinsights_skip_tracking":false,"_monsterinsights_sitenote_active":false,"_monsterinsights_sitenote_note":"","_monsterinsights_sitenote_category":0,"footnotes":""},"class_list":["post-316","page","type-page","status-publish","hentry"],"_links":{"self":[{"href":"https:\/\/observatoriopoliticouniversitario.com\/index.php\/wp-json\/wp\/v2\/pages\/316","targetHints":{"allow":["GET"]}}],"collection":[{"href":"https:\/\/observatoriopoliticouniversitario.com\/index.php\/wp-json\/wp\/v2\/pages"}],"about":[{"href":"https:\/\/observatoriopoliticouniversitario.com\/index.php\/wp-json\/wp\/v2\/types\/page"}],"author":[{"embeddable":true,"href":"https:\/\/observatoriopoliticouniversitario.com\/index.php\/wp-json\/wp\/v2\/users\/1"}],"replies":[{"embeddable":true,"href":"https:\/\/observatoriopoliticouniversitario.com\/index.php\/wp-json\/wp\/v2\/comments?post=316"}],"version-history":[{"count":1,"href":"https:\/\/observatoriopoliticouniversitario.com\/index.php\/wp-json\/wp\/v2\/pages\/316\/revisions"}],"predecessor-version":[{"id":317,"href":"https:\/\/observatoriopoliticouniversitario.com\/index.php\/wp-json\/wp\/v2\/pages\/316\/revisions\/317"}],"wp:attachment":[{"href":"https:\/\/observatoriopoliticouniversitario.com\/index.php\/wp-json\/wp\/v2\/media?parent=316"}],"curies":[{"name":"wp","href":"https:\/\/api.w.org\/{rel}","templated":true}]}}