{"id":78,"date":"2022-02-14T20:55:36","date_gmt":"2022-02-14T20:55:36","guid":{"rendered":"https:\/\/observatoriopoliticouniversitario.com\/index.php\/home-5\/"},"modified":"2026-03-18T13:39:06","modified_gmt":"2026-03-18T13:39:06","slug":"home-5","status":"publish","type":"page","link":"https:\/\/observatoriopoliticouniversitario.com\/index.php\/home-5\/","title":{"rendered":"Home 5"},"content":{"rendered":"<p>[vc_row][vc_column width=\u00bb2\/3&#8243;]<div  class=\"jeg_breakingnews clearfix jnews_module__0_69f5bdd1bf36e   \">\n                <div class=\"jeg_breakingnews_title\"><i class=\"fa fa-bolt\">&nbsp;<\/i> <span>TRENDING<\/span><\/div>\n\n                <div class=\"jeg_news_ticker\" data-autoplay='' data-delay='3000' data-animation='horizontal'>\n                    <div class=\"jeg_news_ticker_items\">\n                        <div class=\"jeg_news_ticker_item jeg_news_ticker_animated jeg_news_ticker_active format-standard\">\n                <span>\n                    <a href=\"https:\/\/observatoriopoliticouniversitario.com\/index.php\/2023\/05\/24\/pagina-universitaria-nueva-epoca\/\" >Amor Fati, \u201camor al destino\u00bb, y Carpe Diem \u00abaprovechar el d\u00eda\u00bb<\/a>\n                <\/span>\n                <span class=\"post-date\">\n                    25 de mayo de 2023\n                <\/span>\n            <\/div><div class=\"jeg_news_ticker_item jeg_news_ticker_animated  format-standard\">\n                <span>\n                    <a href=\"https:\/\/observatoriopoliticouniversitario.com\/index.php\/2022\/10\/20\/lo-barros-y-lo-cantillo-en-el-nelson-que-yo-conoci\/\" >Lo Barros y lo Cantillo en el Nelson que yo conoc\u00ed.<\/a>\n                <\/span>\n                <span class=\"post-date\">\n                    25 de mayo de 2023\n                <\/span>\n            <\/div><div class=\"jeg_news_ticker_item jeg_news_ticker_animated  format-standard\">\n                <span>\n                    <a href=\"https:\/\/observatoriopoliticouniversitario.com\/index.php\/2022\/09\/04\/petro-y-el-petrismo\/\" >Petro y el petrismo<\/a>\n                <\/span>\n                <span class=\"post-date\">\n                    7 de septiembre de 2022\n                <\/span>\n            <\/div><div class=\"jeg_news_ticker_item jeg_news_ticker_animated  format-standard\">\n                <span>\n                    <a href=\"https:\/\/observatoriopoliticouniversitario.com\/index.php\/2022\/08\/07\/pagina-universitaria-2\/\" >Gustavo Francisco Petro Urrego se llama el nuevo presidente de los colombianos.<\/a>\n                <\/span>\n                <span class=\"post-date\">\n                    6 de septiembre de 2022\n                <\/span>\n            <\/div><div class=\"jeg_news_ticker_item jeg_news_ticker_animated  format-standard\">\n                <span>\n                    <a href=\"https:\/\/observatoriopoliticouniversitario.com\/index.php\/2022\/07\/14\/sin-ruido-es-mejor\/\" >Sin ruido es mejor.<\/a>\n                <\/span>\n                <span class=\"post-date\">\n                    6 de septiembre de 2022\n                <\/span>\n            <\/div>\n                    <\/div>\n                    <div class=\"jeg_news_ticker_control\">\n                        <div class=\"jeg_news_ticker_next jeg_news_ticker_arrow\"><span>Next<\/span><\/div>\n                        <div class=\"jeg_news_ticker_prev jeg_news_ticker_arrow\"><span>Prev<\/span><\/div>\n                    <\/div>\n                <\/div>\n                <style>.jnews_module__0_69f5bdd1bf36e .jeg_breakingnews_title { background: #111111; }<\/style>\n            <\/div><div  class=\"jeg_postblock_14 jeg_postblock jeg_module_hook jeg_pagination_disable jeg_col_2o3 jnews_module__1_69f5bdd1c1728   \" data-unique=\"jnews_module__1_69f5bdd1c1728\">\n\t\t\t\t\t\n\t\t\t\t\t<div class=\"jeg_block_container\">\n                    \n                    <div class='jeg_empty_module'>No Content Available<\/div>\n                    <div class='module-overlay'>\n\t\t\t\t    <div class='preloader_type preloader_dot'>\n\t\t\t\t        <div class=\"module-preloader jeg_preloader dot\">\n\t\t\t\t            <span><\/span><span><\/span><span><\/span>\n\t\t\t\t        <\/div>\n\t\t\t\t        <div class=\"module-preloader jeg_preloader circle\">\n\t\t\t\t            <div class=\"jnews_preloader_circle_outer\">\n\t\t\t\t                <div class=\"jnews_preloader_circle_inner\"><\/div>\n\t\t\t\t            <\/div>\n\t\t\t\t        <\/div>\n\t\t\t\t        <div class=\"module-preloader jeg_preloader square\">\n\t\t\t\t            <div class=\"jeg_square\">\n\t\t\t\t                <div class=\"jeg_square_inner\"><\/div>\n\t\t\t\t            <\/div>\n\t\t\t\t        <\/div>\n\t\t\t\t    <\/div>\n\t\t\t\t<\/div>\n                <\/div>\n                <div class=\"jeg_block_navigation\">\n                    <div class='navigation_overlay'><div class='module-preloader jeg_preloader'><span><\/span><span><\/span><span><\/span><\/div><\/div>\n                    \n                    \n                <\/div>\n\t\t\t\t\t\n\t\t\t\t\t<script>var jnews_module__1_69f5bdd1c1728 = {\"header_icon\":\"\",\"first_title\":\"\",\"second_title\":\"\",\"url\":\"\",\"header_type\":\"heading_6\",\"header_background\":\"\",\"header_secondary_background\":\"\",\"header_text_color\":\"\",\"header_line_color\":\"\",\"header_accent_color\":\"\",\"header_filter_category\":\"\",\"header_filter_author\":\"\",\"header_filter_tag\":\"\",\"header_filter_text\":\"All\",\"post_type\":\"post\",\"content_type\":\"all\",\"number_post\":\"1\",\"post_offset\":\"1\",\"unique_content\":\"unique1\",\"include_post\":\"\",\"included_only\":false,\"exclude_post\":\"49\",\"include_category\":\"3\",\"exclude_category\":\"\",\"include_author\":\"\",\"include_tag\":\"\",\"exclude_tag\":\"\",\"sort_by\":\"latest\",\"date_format\":\"default\",\"date_format_custom\":\"Y\\\/m\\\/d\",\"force_normal_image_load\":\"\",\"pagination_mode\":\"disable\",\"pagination_nextprev_showtext\":\"\",\"pagination_number_post\":4,\"pagination_scroll_limit\":0,\"boxed\":\"\",\"boxed_shadow\":\"\",\"el_id\":\"\",\"el_class\":\"\",\"scheme\":\"\",\"column_width\":\"auto\",\"title_color\":\"\",\"accent_color\":\"\",\"alt_color\":\"\",\"excerpt_color\":\"\",\"css\":\"\",\"compatible_column_notice\":\"\",\"paged\":1,\"column_class\":\"jeg_col_2o3\",\"class\":\"jnews_block_14\"};<\/script>\n\t\t\t\t<\/div><div  class=\"jeg_postblock_22 jeg_postblock jeg_module_hook jeg_pagination_disable jeg_col_2o3 jnews_module__2_69f5bdd1c24db   \" data-unique=\"jnews_module__2_69f5bdd1c24db\">\n\t\t\t\t\t\n\t\t\t\t\t<div class=\"jeg_block_container\">\n                    \n                    <div class=\"jeg_posts_wrap\">\n                    <div class=\"jeg_posts jeg_load_more_flag\"> \n                        <article class=\"jeg_post jeg_pl_md_5 format-standard\">\n                    <div class=\"jeg_thumb\">\n                        \n                        <a href=\"https:\/\/observatoriopoliticouniversitario.com\/index.php\/2022\/10\/20\/lo-barros-y-lo-cantillo-en-el-nelson-que-yo-conoci\/\"><div class=\"thumbnail-container animate-lazy  size-715 \"><img loading=\"lazy\" decoding=\"async\" width=\"350\" height=\"250\" src=\"https:\/\/observatoriopoliticouniversitario.com\/wp-content\/themes\/jnews\/assets\/img\/jeg-empty.png\" class=\"attachment-jnews-350x250 size-jnews-350x250 lazyload wp-post-image\" alt=\"Lo Barros y lo Cantillo en el Nelson que yo conoc\u00ed.\" sizes=\"auto, (max-width: 350px) 100vw, 350px\" data-src=\"https:\/\/observatoriopoliticouniversitario.com\/wp-content\/uploads\/2022\/10\/nelson-barrios-350x250.jpg\" data-srcset=\"https:\/\/observatoriopoliticouniversitario.com\/wp-content\/uploads\/2022\/10\/nelson-barrios-350x250.jpg 350w, https:\/\/observatoriopoliticouniversitario.com\/wp-content\/uploads\/2022\/10\/nelson-barrios-120x86.jpg 120w\" data-sizes=\"auto\" data-expand=\"700\" \/><\/div><\/a>\n                        <div class=\"jeg_post_category\">\n                            <span><a href=\"https:\/\/observatoriopoliticouniversitario.com\/index.php\/category\/politica\/\" class=\"category-politica\">P\u00e1gina universitaria-nueva \u00e9poca<\/a><\/span>\n                        <\/div>\n                    <\/div>\n                    <div class=\"jeg_postblock_content\">\n                        <h3 class=\"jeg_post_title\">\n                            <a href=\"https:\/\/observatoriopoliticouniversitario.com\/index.php\/2022\/10\/20\/lo-barros-y-lo-cantillo-en-el-nelson-que-yo-conoci\/\">Lo Barros y lo Cantillo en el Nelson que yo conoc\u00ed.<\/a>\n                        <\/h3>\n                        <div class=\"jeg_post_meta\"><div class=\"jeg_meta_date\"><a href=\"https:\/\/observatoriopoliticouniversitario.com\/index.php\/2022\/10\/20\/lo-barros-y-lo-cantillo-en-el-nelson-que-yo-conoci\/\" ><i class=\"fa fa-clock-o\"><\/i> 25 de mayo de 2023<\/a><\/div><\/div>\n                    <\/div>\n                <\/article><article class=\"jeg_post jeg_pl_md_5 format-standard\">\n                    <div class=\"jeg_thumb\">\n                        \n                        <a href=\"https:\/\/observatoriopoliticouniversitario.com\/index.php\/2022\/09\/04\/petro-y-el-petrismo\/\"><div class=\"thumbnail-container animate-lazy  size-715 \"><img loading=\"lazy\" decoding=\"async\" width=\"350\" height=\"250\" src=\"https:\/\/observatoriopoliticouniversitario.com\/wp-content\/themes\/jnews\/assets\/img\/jeg-empty.png\" class=\"attachment-jnews-350x250 size-jnews-350x250 lazyload wp-post-image\" alt=\"Petro y el petrismo\" sizes=\"auto, (max-width: 350px) 100vw, 350px\" data-src=\"https:\/\/observatoriopoliticouniversitario.com\/wp-content\/uploads\/2022\/09\/petro2-350x250.jpg\" data-srcset=\"https:\/\/observatoriopoliticouniversitario.com\/wp-content\/uploads\/2022\/09\/petro2-350x250.jpg 350w, https:\/\/observatoriopoliticouniversitario.com\/wp-content\/uploads\/2022\/09\/petro2-120x86.jpg 120w, https:\/\/observatoriopoliticouniversitario.com\/wp-content\/uploads\/2022\/09\/petro2-750x536.jpg 750w\" data-sizes=\"auto\" data-expand=\"700\" \/><\/div><\/a>\n                        <div class=\"jeg_post_category\">\n                            <span><a href=\"https:\/\/observatoriopoliticouniversitario.com\/index.php\/category\/politica\/\" class=\"category-politica\">P\u00e1gina universitaria-nueva \u00e9poca<\/a><\/span>\n                        <\/div>\n                    <\/div>\n                    <div class=\"jeg_postblock_content\">\n                        <h3 class=\"jeg_post_title\">\n                            <a href=\"https:\/\/observatoriopoliticouniversitario.com\/index.php\/2022\/09\/04\/petro-y-el-petrismo\/\">Petro y el petrismo<\/a>\n                        <\/h3>\n                        <div class=\"jeg_post_meta\"><div class=\"jeg_meta_date\"><a href=\"https:\/\/observatoriopoliticouniversitario.com\/index.php\/2022\/09\/04\/petro-y-el-petrismo\/\" ><i class=\"fa fa-clock-o\"><\/i> 7 de septiembre de 2022<\/a><\/div><\/div>\n                    <\/div>\n                <\/article><article class=\"jeg_post jeg_pl_md_5 format-standard\">\n                    <div class=\"jeg_thumb\">\n                        \n                        <a href=\"https:\/\/observatoriopoliticouniversitario.com\/index.php\/2022\/08\/07\/pagina-universitaria-2\/\"><div class=\"thumbnail-container animate-lazy  size-715 \"><img loading=\"lazy\" decoding=\"async\" width=\"350\" height=\"250\" src=\"https:\/\/observatoriopoliticouniversitario.com\/wp-content\/themes\/jnews\/assets\/img\/jeg-empty.png\" class=\"attachment-jnews-350x250 size-jnews-350x250 lazyload wp-post-image\" alt=\"Gustavo Francisco Petro Urrego se llama el nuevo presidente de los colombianos.\" sizes=\"auto, (max-width: 350px) 100vw, 350px\" data-src=\"https:\/\/observatoriopoliticouniversitario.com\/wp-content\/uploads\/2022\/08\/nota-nuevo-presidente-Petro-350x250.jpg\" data-srcset=\"https:\/\/observatoriopoliticouniversitario.com\/wp-content\/uploads\/2022\/08\/nota-nuevo-presidente-Petro-350x250.jpg 350w, https:\/\/observatoriopoliticouniversitario.com\/wp-content\/uploads\/2022\/08\/nota-nuevo-presidente-Petro-120x86.jpg 120w, https:\/\/observatoriopoliticouniversitario.com\/wp-content\/uploads\/2022\/08\/nota-nuevo-presidente-Petro-750x536.jpg 750w\" data-sizes=\"auto\" data-expand=\"700\" \/><\/div><\/a>\n                        <div class=\"jeg_post_category\">\n                            <span><a href=\"https:\/\/observatoriopoliticouniversitario.com\/index.php\/category\/politica\/\" class=\"category-politica\">P\u00e1gina universitaria-nueva \u00e9poca<\/a><\/span>\n                        <\/div>\n                    <\/div>\n                    <div class=\"jeg_postblock_content\">\n                        <h3 class=\"jeg_post_title\">\n                            <a href=\"https:\/\/observatoriopoliticouniversitario.com\/index.php\/2022\/08\/07\/pagina-universitaria-2\/\">Gustavo Francisco Petro Urrego se llama el nuevo presidente de los colombianos.<\/a>\n                        <\/h3>\n                        <div class=\"jeg_post_meta\"><div class=\"jeg_meta_date\"><a href=\"https:\/\/observatoriopoliticouniversitario.com\/index.php\/2022\/08\/07\/pagina-universitaria-2\/\" ><i class=\"fa fa-clock-o\"><\/i> 6 de septiembre de 2022<\/a><\/div><\/div>\n                    <\/div>\n                <\/article>\n                    <\/div>\n                <\/div>\n                    <div class='module-overlay'>\n\t\t\t\t    <div class='preloader_type preloader_dot'>\n\t\t\t\t        <div class=\"module-preloader jeg_preloader dot\">\n\t\t\t\t            <span><\/span><span><\/span><span><\/span>\n\t\t\t\t        <\/div>\n\t\t\t\t        <div class=\"module-preloader jeg_preloader circle\">\n\t\t\t\t            <div class=\"jnews_preloader_circle_outer\">\n\t\t\t\t                <div class=\"jnews_preloader_circle_inner\"><\/div>\n\t\t\t\t            <\/div>\n\t\t\t\t        <\/div>\n\t\t\t\t        <div class=\"module-preloader jeg_preloader square\">\n\t\t\t\t            <div class=\"jeg_square\">\n\t\t\t\t                <div class=\"jeg_square_inner\"><\/div>\n\t\t\t\t            <\/div>\n\t\t\t\t        <\/div>\n\t\t\t\t    <\/div>\n\t\t\t\t<\/div>\n                <\/div>\n                <div class=\"jeg_block_navigation\">\n                    <div class='navigation_overlay'><div class='module-preloader jeg_preloader'><span><\/span><span><\/span><span><\/span><\/div><\/div>\n                    \n                    \n                <\/div>\n\t\t\t\t\t\n\t\t\t\t\t<script>var jnews_module__2_69f5bdd1c24db = {\"header_icon\":\"\",\"first_title\":\"\",\"second_title\":\"\",\"url\":\"\",\"header_type\":\"heading_6\",\"header_background\":\"\",\"header_secondary_background\":\"\",\"header_text_color\":\"\",\"header_line_color\":\"\",\"header_accent_color\":\"\",\"header_filter_category\":\"\",\"header_filter_author\":\"\",\"header_filter_tag\":\"\",\"header_filter_text\":\"All\",\"post_type\":\"post\",\"content_type\":\"all\",\"number_post\":\"3\",\"post_offset\":\"1\",\"unique_content\":\"unique1\",\"include_post\":\"\",\"included_only\":false,\"exclude_post\":\"\",\"include_category\":\"\",\"exclude_category\":\"\",\"include_author\":\"\",\"include_tag\":\"\",\"exclude_tag\":\"\",\"sort_by\":\"latest\",\"date_format\":\"default\",\"date_format_custom\":\"Y\\\/m\\\/d\",\"force_normal_image_load\":\"\",\"pagination_mode\":\"disable\",\"pagination_nextprev_showtext\":\"\",\"pagination_number_post\":3,\"pagination_scroll_limit\":0,\"boxed\":\"\",\"boxed_shadow\":\"\",\"el_id\":\"\",\"el_class\":\"\",\"scheme\":\"\",\"column_width\":\"auto\",\"title_color\":\"\",\"accent_color\":\"\",\"alt_color\":\"\",\"excerpt_color\":\"\",\"css\":\"\",\"compatible_column_notice\":\"\",\"paged\":1,\"column_class\":\"jeg_col_2o3\",\"class\":\"jnews_block_22\"};<\/script>\n\t\t\t\t<\/div><div  class='jeg_ad jeg_ad_module jnews_module__3_69f5bdd1c3d45   '><div class='ads-wrapper'><a href='http:\/\/bit.ly\/jnewsio' target='_blank' rel=\"nofollow noopener\" class='adlink ads_image '>\n\t\t\t\t\t\t\t\t<img src='https:\/\/observatoriopoliticouniversitario.com\/wp-content\/themes\/jnews\/assets\/img\/jeg-empty.png' class='lazyload' data-src='https:\/\/observatoriopoliticouniversitario.com\/wp-content\/uploads\/2022\/04\/ad_728x90.png' alt='' data-pin-no-hover=\"true\">\n\t\t\t\t\t\t\t<\/a><\/div><\/div><div  class=\"jeg_postblock_4 jeg_postblock jeg_module_hook jeg_pagination_disable jeg_col_2o3 jnews_module__4_69f5bdd1c4a56   \" data-unique=\"jnews_module__4_69f5bdd1c4a56\">\n\t\t\t\t\t<div class=\"jeg_block_heading jeg_block_heading_6 jeg_subcat_right\">\n                     <h3 class=\"jeg_block_title\"><span>Featured News <\/span><\/h3>\n                     \n                 <\/div>\n\t\t\t\t\t<div class=\"jeg_posts jeg_block_container\">\n                    \n                    <div class=\"jeg_posts jeg_load_more_flag\"><article class=\"jeg_post jeg_pl_md_3 format-standard\">\n                    <div class=\"jeg_thumb\">\n                        \n                        <a href=\"https:\/\/observatoriopoliticouniversitario.com\/index.php\/2023\/05\/24\/pagina-universitaria-nueva-epoca\/\"><div class=\"thumbnail-container animate-lazy  size-715 \"><img loading=\"lazy\" decoding=\"async\" width=\"350\" height=\"250\" src=\"https:\/\/observatoriopoliticouniversitario.com\/wp-content\/themes\/jnews\/assets\/img\/jeg-empty.png\" class=\"attachment-jnews-350x250 size-jnews-350x250 lazyload wp-post-image\" alt=\"\" sizes=\"auto, (max-width: 350px) 100vw, 350px\" data-src=\"https:\/\/observatoriopoliticouniversitario.com\/wp-content\/uploads\/2023\/05\/95A359D4-BC42-44F4-B089-F9E298F66244-350x250.jpeg\" data-srcset=\"https:\/\/observatoriopoliticouniversitario.com\/wp-content\/uploads\/2023\/05\/95A359D4-BC42-44F4-B089-F9E298F66244-350x250.jpeg 350w, https:\/\/observatoriopoliticouniversitario.com\/wp-content\/uploads\/2023\/05\/95A359D4-BC42-44F4-B089-F9E298F66244-120x86.jpeg 120w, https:\/\/observatoriopoliticouniversitario.com\/wp-content\/uploads\/2023\/05\/95A359D4-BC42-44F4-B089-F9E298F66244-750x536.jpeg 750w\" data-sizes=\"auto\" data-expand=\"700\" \/><\/div><\/a>\n                    <\/div>\n                    <div class=\"jeg_postblock_content\">\n                        <h3 class=\"jeg_post_title\">\n                            <a href=\"https:\/\/observatoriopoliticouniversitario.com\/index.php\/2023\/05\/24\/pagina-universitaria-nueva-epoca\/\">Amor Fati, \u201camor al destino\u00bb, y Carpe Diem \u00abaprovechar el d\u00eda\u00bb<\/a>\n                        <\/h3>\n                        <div class=\"jeg_post_meta\"><div class=\"jeg_meta_author\"><span class=\"by\">by<\/span> <a href=\"https:\/\/observatoriopoliticouniversitario.com\/index.php\/author\/cristobalarteta\/\">Cristobal Arteta Ripoll<\/a><\/div><div class=\"jeg_meta_date\"><a href=\"https:\/\/observatoriopoliticouniversitario.com\/index.php\/2023\/05\/24\/pagina-universitaria-nueva-epoca\/\"><i class=\"fa fa-clock-o\"><\/i> 25 de mayo de 2023<\/a><\/div><div class=\"jeg_meta_comment\"><a href=\"https:\/\/observatoriopoliticouniversitario.com\/index.php\/2023\/05\/24\/pagina-universitaria-nueva-epoca\/#comments\" ><i class=\"fa fa-comment-o\"><\/i> 27542 <\/a><\/div><\/div>\n                        <div class=\"jeg_post_excerpt\">\n                            <p>P\u00e1gina universitaria- nueva \u00e9poca Crist\u00f3bal Arteta Ripoll Nac\u00ed en una casa de pajas, ubicada detr\u00e1s de la iglesia de San...<\/p>\n                        <\/div>\n                    <\/div>\n                <\/article><article class=\"jeg_post jeg_pl_md_3 format-standard\">\n                    <div class=\"jeg_thumb\">\n                        \n                        <a href=\"https:\/\/observatoriopoliticouniversitario.com\/index.php\/2022\/07\/14\/sin-ruido-es-mejor\/\"><div class=\"thumbnail-container animate-lazy  size-715 \"><img loading=\"lazy\" decoding=\"async\" width=\"350\" height=\"250\" src=\"https:\/\/observatoriopoliticouniversitario.com\/wp-content\/themes\/jnews\/assets\/img\/jeg-empty.png\" class=\"attachment-jnews-350x250 size-jnews-350x250 lazyload wp-post-image\" alt=\"Sin ruido es mejor.\" sizes=\"auto, (max-width: 350px) 100vw, 350px\" data-src=\"https:\/\/observatoriopoliticouniversitario.com\/wp-content\/uploads\/2022\/07\/ruido-350x250.jpg\" data-srcset=\"https:\/\/observatoriopoliticouniversitario.com\/wp-content\/uploads\/2022\/07\/ruido-350x250.jpg 350w, https:\/\/observatoriopoliticouniversitario.com\/wp-content\/uploads\/2022\/07\/ruido-120x86.jpg 120w, https:\/\/observatoriopoliticouniversitario.com\/wp-content\/uploads\/2022\/07\/ruido-750x536.jpg 750w, https:\/\/observatoriopoliticouniversitario.com\/wp-content\/uploads\/2022\/07\/ruido-1140x815.jpg 1140w\" data-sizes=\"auto\" data-expand=\"700\" \/><\/div><\/a>\n                    <\/div>\n                    <div class=\"jeg_postblock_content\">\n                        <h3 class=\"jeg_post_title\">\n                            <a href=\"https:\/\/observatoriopoliticouniversitario.com\/index.php\/2022\/07\/14\/sin-ruido-es-mejor\/\">Sin ruido es mejor.<\/a>\n                        <\/h3>\n                        <div class=\"jeg_post_meta\"><div class=\"jeg_meta_author\"><span class=\"by\">by<\/span> <a href=\"https:\/\/observatoriopoliticouniversitario.com\/index.php\/author\/cristobalarteta\/\">Cristobal Arteta Ripoll<\/a><\/div><div class=\"jeg_meta_date\"><a href=\"https:\/\/observatoriopoliticouniversitario.com\/index.php\/2022\/07\/14\/sin-ruido-es-mejor\/\"><i class=\"fa fa-clock-o\"><\/i> 6 de septiembre de 2022<\/a><\/div><div class=\"jeg_meta_comment\"><a href=\"https:\/\/observatoriopoliticouniversitario.com\/index.php\/2022\/07\/14\/sin-ruido-es-mejor\/#comments\" ><i class=\"fa fa-comment-o\"><\/i> 8036 <\/a><\/div><\/div>\n                        <div class=\"jeg_post_excerpt\">\n                            <p>Si ya se van, si ya perdieron\u2026, l\u00e1rguense con dignidad y decoro, no obstruyan al nuevo gobierno, dejen de poner...<\/p>\n                        <\/div>\n                    <\/div>\n                <\/article><\/div>\n                    <div class='module-overlay'>\n\t\t\t\t    <div class='preloader_type preloader_dot'>\n\t\t\t\t        <div class=\"module-preloader jeg_preloader dot\">\n\t\t\t\t            <span><\/span><span><\/span><span><\/span>\n\t\t\t\t        <\/div>\n\t\t\t\t        <div class=\"module-preloader jeg_preloader circle\">\n\t\t\t\t            <div class=\"jnews_preloader_circle_outer\">\n\t\t\t\t                <div class=\"jnews_preloader_circle_inner\"><\/div>\n\t\t\t\t            <\/div>\n\t\t\t\t        <\/div>\n\t\t\t\t        <div class=\"module-preloader jeg_preloader square\">\n\t\t\t\t            <div class=\"jeg_square\">\n\t\t\t\t                <div class=\"jeg_square_inner\"><\/div>\n\t\t\t\t            <\/div>\n\t\t\t\t        <\/div>\n\t\t\t\t    <\/div>\n\t\t\t\t<\/div>\n                <\/div>\n                <div class=\"jeg_block_navigation\">\n                    <div class='navigation_overlay'><div class='module-preloader jeg_preloader'><span><\/span><span><\/span><span><\/span><\/div><\/div>\n                    \n                    \n                <\/div>\n\t\t\t\t\t\n\t\t\t\t\t<script>var jnews_module__4_69f5bdd1c4a56 = {\"header_icon\":\"\",\"first_title\":\"Featured News \",\"second_title\":\"\",\"url\":\"\",\"header_type\":\"heading_6\",\"header_background\":\"\",\"header_secondary_background\":\"\",\"header_text_color\":\"\",\"header_line_color\":\"\",\"header_accent_color\":\"\",\"header_filter_category\":\"\",\"header_filter_author\":\"\",\"header_filter_tag\":\"\",\"header_filter_text\":\"All\",\"post_type\":\"post\",\"content_type\":\"all\",\"number_post\":\"2\",\"post_offset\":\"0\",\"unique_content\":\"unique1\",\"include_post\":\"\",\"included_only\":false,\"exclude_post\":\"251,228,200\",\"include_category\":\"\",\"exclude_category\":\"\",\"include_author\":\"\",\"include_tag\":\"\",\"exclude_tag\":\"\",\"sort_by\":\"latest\",\"date_format\":\"default\",\"date_format_custom\":\"Y\\\/m\\\/d\",\"excerpt_length\":\"20\",\"excerpt_ellipsis\":\"...\",\"force_normal_image_load\":\"\",\"pagination_mode\":\"disable\",\"pagination_nextprev_showtext\":\"\",\"pagination_number_post\":4,\"pagination_scroll_limit\":0,\"ads_type\":\"disable\",\"ads_position\":1,\"ads_random\":\"\",\"ads_image\":\"\",\"ads_image_tablet\":\"\",\"ads_image_phone\":\"\",\"ads_image_link\":\"\",\"ads_image_alt\":\"\",\"ads_image_new_tab\":\"\",\"google_publisher_id\":\"\",\"google_slot_id\":\"\",\"google_desktop\":\"auto\",\"google_tab\":\"auto\",\"google_phone\":\"auto\",\"content\":\"\",\"ads_bottom_text\":\"\",\"boxed\":\"\",\"boxed_shadow\":\"\",\"el_id\":\"\",\"el_class\":\"\",\"scheme\":\"\",\"column_width\":\"auto\",\"title_color\":\"\",\"accent_color\":\"\",\"alt_color\":\"\",\"excerpt_color\":\"\",\"css\":\"\",\"compatible_column_notice\":\"\",\"paged\":1,\"column_class\":\"jeg_col_2o3\",\"class\":\"jnews_block_4\"};<\/script>\n\t\t\t\t<\/div><div  class=\"jeg_postblock_4 jeg_postblock jeg_module_hook jeg_pagination_disable jeg_col_2o3 jnews_module__5_69f5bdd1c5c49   \" data-unique=\"jnews_module__5_69f5bdd1c5c49\">\n\t\t\t\t\t\n\t\t\t\t\t<div class=\"jeg_posts jeg_block_container\">\n                    \n                    <div class=\"jeg_posts jeg_load_more_flag\"><article class=\"jeg_post jeg_pl_md_3 format-standard\">\n                    <div class=\"jeg_thumb\">\n                        \n                        <a href=\"https:\/\/observatoriopoliticouniversitario.com\/index.php\/2023\/05\/24\/pagina-universitaria-nueva-epoca\/\"><div class=\"thumbnail-container animate-lazy  size-715 \"><img loading=\"lazy\" decoding=\"async\" width=\"350\" height=\"250\" src=\"https:\/\/observatoriopoliticouniversitario.com\/wp-content\/themes\/jnews\/assets\/img\/jeg-empty.png\" class=\"attachment-jnews-350x250 size-jnews-350x250 lazyload wp-post-image\" alt=\"\" sizes=\"auto, (max-width: 350px) 100vw, 350px\" data-src=\"https:\/\/observatoriopoliticouniversitario.com\/wp-content\/uploads\/2023\/05\/95A359D4-BC42-44F4-B089-F9E298F66244-350x250.jpeg\" data-srcset=\"https:\/\/observatoriopoliticouniversitario.com\/wp-content\/uploads\/2023\/05\/95A359D4-BC42-44F4-B089-F9E298F66244-350x250.jpeg 350w, https:\/\/observatoriopoliticouniversitario.com\/wp-content\/uploads\/2023\/05\/95A359D4-BC42-44F4-B089-F9E298F66244-120x86.jpeg 120w, https:\/\/observatoriopoliticouniversitario.com\/wp-content\/uploads\/2023\/05\/95A359D4-BC42-44F4-B089-F9E298F66244-750x536.jpeg 750w\" data-sizes=\"auto\" data-expand=\"700\" \/><\/div><\/a>\n                    <\/div>\n                    <div class=\"jeg_postblock_content\">\n                        <h3 class=\"jeg_post_title\">\n                            <a href=\"https:\/\/observatoriopoliticouniversitario.com\/index.php\/2023\/05\/24\/pagina-universitaria-nueva-epoca\/\">Amor Fati, \u201camor al destino\u00bb, y Carpe Diem \u00abaprovechar el d\u00eda\u00bb<\/a>\n                        <\/h3>\n                        <div class=\"jeg_post_meta\"><div class=\"jeg_meta_author\"><span class=\"by\">by<\/span> <a href=\"https:\/\/observatoriopoliticouniversitario.com\/index.php\/author\/cristobalarteta\/\">Cristobal Arteta Ripoll<\/a><\/div><div class=\"jeg_meta_date\"><a href=\"https:\/\/observatoriopoliticouniversitario.com\/index.php\/2023\/05\/24\/pagina-universitaria-nueva-epoca\/\"><i class=\"fa fa-clock-o\"><\/i> 25 de mayo de 2023<\/a><\/div><div class=\"jeg_meta_comment\"><a href=\"https:\/\/observatoriopoliticouniversitario.com\/index.php\/2023\/05\/24\/pagina-universitaria-nueva-epoca\/#comments\" ><i class=\"fa fa-comment-o\"><\/i> 27542 <\/a><\/div><\/div>\n                        <div class=\"jeg_post_excerpt\">\n                            <p>P\u00e1gina universitaria- nueva \u00e9poca Crist\u00f3bal Arteta Ripoll Nac\u00ed en una casa de pajas, ubicada detr\u00e1s de la iglesia de San...<\/p>\n                        <\/div>\n                    <\/div>\n                <\/article><article class=\"jeg_post jeg_pl_md_3 format-standard\">\n                    <div class=\"jeg_thumb\">\n                        \n                        <a href=\"https:\/\/observatoriopoliticouniversitario.com\/index.php\/2022\/10\/20\/lo-barros-y-lo-cantillo-en-el-nelson-que-yo-conoci\/\"><div class=\"thumbnail-container animate-lazy  size-715 \"><img loading=\"lazy\" decoding=\"async\" width=\"350\" height=\"250\" src=\"https:\/\/observatoriopoliticouniversitario.com\/wp-content\/themes\/jnews\/assets\/img\/jeg-empty.png\" class=\"attachment-jnews-350x250 size-jnews-350x250 lazyload wp-post-image\" alt=\"Lo Barros y lo Cantillo en el Nelson que yo conoc\u00ed.\" sizes=\"auto, (max-width: 350px) 100vw, 350px\" data-src=\"https:\/\/observatoriopoliticouniversitario.com\/wp-content\/uploads\/2022\/10\/nelson-barrios-350x250.jpg\" data-srcset=\"https:\/\/observatoriopoliticouniversitario.com\/wp-content\/uploads\/2022\/10\/nelson-barrios-350x250.jpg 350w, https:\/\/observatoriopoliticouniversitario.com\/wp-content\/uploads\/2022\/10\/nelson-barrios-120x86.jpg 120w\" data-sizes=\"auto\" data-expand=\"700\" \/><\/div><\/a>\n                    <\/div>\n                    <div class=\"jeg_postblock_content\">\n                        <h3 class=\"jeg_post_title\">\n                            <a href=\"https:\/\/observatoriopoliticouniversitario.com\/index.php\/2022\/10\/20\/lo-barros-y-lo-cantillo-en-el-nelson-que-yo-conoci\/\">Lo Barros y lo Cantillo en el Nelson que yo conoc\u00ed.<\/a>\n                        <\/h3>\n                        <div class=\"jeg_post_meta\"><div class=\"jeg_meta_author\"><span class=\"by\">by<\/span> <a href=\"https:\/\/observatoriopoliticouniversitario.com\/index.php\/author\/cristobalarteta\/\">Cristobal Arteta Ripoll<\/a><\/div><div class=\"jeg_meta_date\"><a href=\"https:\/\/observatoriopoliticouniversitario.com\/index.php\/2022\/10\/20\/lo-barros-y-lo-cantillo-en-el-nelson-que-yo-conoci\/\"><i class=\"fa fa-clock-o\"><\/i> 25 de mayo de 2023<\/a><\/div><div class=\"jeg_meta_comment\"><a href=\"https:\/\/observatoriopoliticouniversitario.com\/index.php\/2022\/10\/20\/lo-barros-y-lo-cantillo-en-el-nelson-que-yo-conoci\/#comments\" ><i class=\"fa fa-comment-o\"><\/i> 144 <\/a><\/div><\/div>\n                        <div class=\"jeg_post_excerpt\">\n                            <p>P\u00e1gina universitaria- nueva \u00e9poca. Crist\u00f3bal Arteta Ripoll. Hoy 20 de octubre de 2022, muri\u00f3 Nelson Barros Cantillo, mi gran maestro,...<\/p>\n                        <\/div>\n                    <\/div>\n                <\/article><article class=\"jeg_post jeg_pl_md_3 format-standard\">\n                    <div class=\"jeg_thumb\">\n                        \n                        <a href=\"https:\/\/observatoriopoliticouniversitario.com\/index.php\/2022\/09\/04\/petro-y-el-petrismo\/\"><div class=\"thumbnail-container animate-lazy  size-715 \"><img loading=\"lazy\" decoding=\"async\" width=\"350\" height=\"250\" src=\"https:\/\/observatoriopoliticouniversitario.com\/wp-content\/themes\/jnews\/assets\/img\/jeg-empty.png\" class=\"attachment-jnews-350x250 size-jnews-350x250 lazyload wp-post-image\" alt=\"Petro y el petrismo\" sizes=\"auto, (max-width: 350px) 100vw, 350px\" data-src=\"https:\/\/observatoriopoliticouniversitario.com\/wp-content\/uploads\/2022\/09\/petro2-350x250.jpg\" data-srcset=\"https:\/\/observatoriopoliticouniversitario.com\/wp-content\/uploads\/2022\/09\/petro2-350x250.jpg 350w, https:\/\/observatoriopoliticouniversitario.com\/wp-content\/uploads\/2022\/09\/petro2-120x86.jpg 120w, https:\/\/observatoriopoliticouniversitario.com\/wp-content\/uploads\/2022\/09\/petro2-750x536.jpg 750w\" data-sizes=\"auto\" data-expand=\"700\" \/><\/div><\/a>\n                    <\/div>\n                    <div class=\"jeg_postblock_content\">\n                        <h3 class=\"jeg_post_title\">\n                            <a href=\"https:\/\/observatoriopoliticouniversitario.com\/index.php\/2022\/09\/04\/petro-y-el-petrismo\/\">Petro y el petrismo<\/a>\n                        <\/h3>\n                        <div class=\"jeg_post_meta\"><div class=\"jeg_meta_author\"><span class=\"by\">by<\/span> <a href=\"https:\/\/observatoriopoliticouniversitario.com\/index.php\/author\/cristobalarteta\/\">Cristobal Arteta Ripoll<\/a><\/div><div class=\"jeg_meta_date\"><a href=\"https:\/\/observatoriopoliticouniversitario.com\/index.php\/2022\/09\/04\/petro-y-el-petrismo\/\"><i class=\"fa fa-clock-o\"><\/i> 7 de septiembre de 2022<\/a><\/div><div class=\"jeg_meta_comment\"><a href=\"https:\/\/observatoriopoliticouniversitario.com\/index.php\/2022\/09\/04\/petro-y-el-petrismo\/#comments\" ><i class=\"fa fa-comment-o\"><\/i> 1065 <\/a><\/div><\/div>\n                        <div class=\"jeg_post_excerpt\">\n                            <p>Mi amigo Pablo Guadarrama me hizo llegar un texto interesante sobre Marx y el marxismo que me sirvi\u00f3 de referencia...<\/p>\n                        <\/div>\n                    <\/div>\n                <\/article><article class=\"jeg_post jeg_pl_md_3 format-standard\">\n                    <div class=\"jeg_thumb\">\n                        \n                        <a href=\"https:\/\/observatoriopoliticouniversitario.com\/index.php\/2022\/08\/07\/pagina-universitaria-2\/\"><div class=\"thumbnail-container animate-lazy  size-715 \"><img loading=\"lazy\" decoding=\"async\" width=\"350\" height=\"250\" src=\"https:\/\/observatoriopoliticouniversitario.com\/wp-content\/themes\/jnews\/assets\/img\/jeg-empty.png\" class=\"attachment-jnews-350x250 size-jnews-350x250 lazyload wp-post-image\" alt=\"Gustavo Francisco Petro Urrego se llama el nuevo presidente de los colombianos.\" sizes=\"auto, (max-width: 350px) 100vw, 350px\" data-src=\"https:\/\/observatoriopoliticouniversitario.com\/wp-content\/uploads\/2022\/08\/nota-nuevo-presidente-Petro-350x250.jpg\" data-srcset=\"https:\/\/observatoriopoliticouniversitario.com\/wp-content\/uploads\/2022\/08\/nota-nuevo-presidente-Petro-350x250.jpg 350w, https:\/\/observatoriopoliticouniversitario.com\/wp-content\/uploads\/2022\/08\/nota-nuevo-presidente-Petro-120x86.jpg 120w, https:\/\/observatoriopoliticouniversitario.com\/wp-content\/uploads\/2022\/08\/nota-nuevo-presidente-Petro-750x536.jpg 750w\" data-sizes=\"auto\" data-expand=\"700\" \/><\/div><\/a>\n                    <\/div>\n                    <div class=\"jeg_postblock_content\">\n                        <h3 class=\"jeg_post_title\">\n                            <a href=\"https:\/\/observatoriopoliticouniversitario.com\/index.php\/2022\/08\/07\/pagina-universitaria-2\/\">Gustavo Francisco Petro Urrego se llama el nuevo presidente de los colombianos.<\/a>\n                        <\/h3>\n                        <div class=\"jeg_post_meta\"><div class=\"jeg_meta_author\"><span class=\"by\">by<\/span> <a href=\"https:\/\/observatoriopoliticouniversitario.com\/index.php\/author\/cristobalarteta\/\">Cristobal Arteta Ripoll<\/a><\/div><div class=\"jeg_meta_date\"><a href=\"https:\/\/observatoriopoliticouniversitario.com\/index.php\/2022\/08\/07\/pagina-universitaria-2\/\"><i class=\"fa fa-clock-o\"><\/i> 6 de septiembre de 2022<\/a><\/div><div class=\"jeg_meta_comment\"><a href=\"https:\/\/observatoriopoliticouniversitario.com\/index.php\/2022\/08\/07\/pagina-universitaria-2\/#comments\" ><i class=\"fa fa-comment-o\"><\/i> 1088 <\/a><\/div><\/div>\n                        <div class=\"jeg_post_excerpt\">\n                            <p>Crist\u00f3bal Arteta Ripoll&nbsp; Hoy 7 de agosto de 2022, se posesiona GUSTAVO FRANCISCO PETRO URREGO como el primer presidente de...<\/p>\n                        <\/div>\n                    <\/div>\n                <\/article><\/div>\n                    <div class='module-overlay'>\n\t\t\t\t    <div class='preloader_type preloader_dot'>\n\t\t\t\t        <div class=\"module-preloader jeg_preloader dot\">\n\t\t\t\t            <span><\/span><span><\/span><span><\/span>\n\t\t\t\t        <\/div>\n\t\t\t\t        <div class=\"module-preloader jeg_preloader circle\">\n\t\t\t\t            <div class=\"jnews_preloader_circle_outer\">\n\t\t\t\t                <div class=\"jnews_preloader_circle_inner\"><\/div>\n\t\t\t\t            <\/div>\n\t\t\t\t        <\/div>\n\t\t\t\t        <div class=\"module-preloader jeg_preloader square\">\n\t\t\t\t            <div class=\"jeg_square\">\n\t\t\t\t                <div class=\"jeg_square_inner\"><\/div>\n\t\t\t\t            <\/div>\n\t\t\t\t        <\/div>\n\t\t\t\t    <\/div>\n\t\t\t\t<\/div>\n                <\/div>\n                <div class=\"jeg_block_navigation\">\n                    <div class='navigation_overlay'><div class='module-preloader jeg_preloader'><span><\/span><span><\/span><span><\/span><\/div><\/div>\n                    \n                    \n                <\/div>\n\t\t\t\t\t\n\t\t\t\t\t<script>var jnews_module__5_69f5bdd1c5c49 = {\"header_icon\":\"\",\"first_title\":\"\",\"second_title\":\"\",\"url\":\"\",\"header_type\":\"heading_6\",\"header_background\":\"\",\"header_secondary_background\":\"\",\"header_text_color\":\"\",\"header_line_color\":\"\",\"header_accent_color\":\"\",\"header_filter_category\":\"\",\"header_filter_author\":\"\",\"header_filter_tag\":\"\",\"header_filter_text\":\"All\",\"post_type\":\"post\",\"content_type\":\"all\",\"number_post\":\"4\",\"post_offset\":\"0\",\"unique_content\":\"disable\",\"include_post\":\"\",\"included_only\":false,\"exclude_post\":\"\",\"include_category\":\"\",\"exclude_category\":\"\",\"include_author\":\"\",\"include_tag\":\"\",\"exclude_tag\":\"\",\"sort_by\":\"latest\",\"date_format\":\"default\",\"date_format_custom\":\"Y\\\/m\\\/d\",\"excerpt_length\":\"20\",\"excerpt_ellipsis\":\"...\",\"force_normal_image_load\":\"\",\"pagination_mode\":\"disable\",\"pagination_nextprev_showtext\":\"\",\"pagination_number_post\":4,\"pagination_scroll_limit\":0,\"ads_type\":\"disable\",\"ads_position\":1,\"ads_random\":\"\",\"ads_image\":\"\",\"ads_image_tablet\":\"\",\"ads_image_phone\":\"\",\"ads_image_link\":\"\",\"ads_image_alt\":\"\",\"ads_image_new_tab\":\"\",\"google_publisher_id\":\"\",\"google_slot_id\":\"\",\"google_desktop\":\"auto\",\"google_tab\":\"auto\",\"google_phone\":\"auto\",\"content\":\"\",\"ads_bottom_text\":\"\",\"boxed\":\"\",\"boxed_shadow\":\"\",\"el_id\":\"\",\"el_class\":\"\",\"scheme\":\"\",\"column_width\":\"auto\",\"title_color\":\"\",\"accent_color\":\"\",\"alt_color\":\"\",\"excerpt_color\":\"\",\"css\":\"\",\"paged\":1,\"column_class\":\"jeg_col_2o3\",\"class\":\"jnews_block_4\"};<\/script>\n\t\t\t\t<\/div><div  class=\"jeg_postblock_17 jeg_postblock jeg_module_hook jeg_pagination_disable jeg_col_2o3 jnews_module__6_69f5bdd1c7bf7   \" data-unique=\"jnews_module__6_69f5bdd1c7bf7\">\n\t\t\t\t\t<div class=\"jeg_block_heading jeg_block_heading_6 jeg_subcat_right\">\n                     <h3 class=\"jeg_block_title\"><span>BUSINESS<\/span><\/h3>\n                     \n                 <\/div>\n\t\t\t\t\t<div class=\"jeg_block_container\">\n                    \n                    <div class=\"jeg_posts_wrap\">\n                    <div class=\"jeg_posts jeg_load_more_flag\">\n                        \n                        <article class=\"jeg_post jeg_pl_md_1 format-standard\">\n                    <div class=\"jeg_thumb\">\n                        \n                        <a href=\"https:\/\/observatoriopoliticouniversitario.com\/index.php\/2022\/03\/24\/la-gobernabilidad-y-el-quehacer-universitario-2\/\"><div class=\"thumbnail-container animate-lazy  size-715 \"><img loading=\"lazy\" decoding=\"async\" width=\"750\" height=\"536\" src=\"https:\/\/observatoriopoliticouniversitario.com\/wp-content\/themes\/jnews\/assets\/img\/jeg-empty.png\" class=\"attachment-jnews-750x536 size-jnews-750x536 lazyload wp-post-image\" alt=\"La gobernabilidad y el quehacer universitario\" sizes=\"auto, (max-width: 750px) 100vw, 750px\" data-src=\"https:\/\/observatoriopoliticouniversitario.com\/wp-content\/uploads\/2022\/03\/UA-750x536.jpg\" data-srcset=\"https:\/\/observatoriopoliticouniversitario.com\/wp-content\/uploads\/2022\/03\/UA-750x536.jpg 750w, https:\/\/observatoriopoliticouniversitario.com\/wp-content\/uploads\/2022\/03\/UA-120x86.jpg 120w, https:\/\/observatoriopoliticouniversitario.com\/wp-content\/uploads\/2022\/03\/UA-350x250.jpg 350w\" data-sizes=\"auto\" data-expand=\"700\" \/><\/div><\/a>\n                        <div class=\"jeg_post_category\">\n                            <span><a href=\"https:\/\/observatoriopoliticouniversitario.com\/index.php\/category\/etica\/\" class=\"category-etica\">Etica y moral<\/a><\/span>\n                        <\/div>\n                    <\/div>\n                    <div class=\"jeg_postblock_content\">\n                        <h3 class=\"jeg_post_title\">\n                            <a href=\"https:\/\/observatoriopoliticouniversitario.com\/index.php\/2022\/03\/24\/la-gobernabilidad-y-el-quehacer-universitario-2\/\">La gobernabilidad y el quehacer universitario<\/a>\n                        <\/h3>\n                        <div class=\"jeg_post_meta\"><div class=\"jeg_meta_author\"><span class=\"by\">by<\/span> <a href=\"https:\/\/observatoriopoliticouniversitario.com\/index.php\/author\/cristobalarteta\/\">Cristobal Arteta Ripoll<\/a><\/div><div class=\"jeg_meta_date\"><a href=\"https:\/\/observatoriopoliticouniversitario.com\/index.php\/2022\/03\/24\/la-gobernabilidad-y-el-quehacer-universitario-2\/\"><i class=\"fa fa-clock-o\"><\/i> 4 de mayo de 2022<\/a><\/div><div class=\"jeg_meta_comment\"><a href=\"https:\/\/observatoriopoliticouniversitario.com\/index.php\/2022\/03\/24\/la-gobernabilidad-y-el-quehacer-universitario-2\/#comments\" ><i class=\"fa fa-comment-o\"><\/i> 3942 <\/a><\/div><\/div>\n                        <div class=\"jeg_post_excerpt\">\n                            <p>Gobernanza y gobernabilidad son dos conceptos asociados al t\u00e9rmino liderazgo, los cuales tomaron fuerza desde la d\u00e9cada del 90 del...<\/p>\n                        <\/div>\n                    <\/div>\n                <\/article>\n                    <\/div>\n                <\/div>\n                    <div class='module-overlay'>\n\t\t\t\t    <div class='preloader_type preloader_dot'>\n\t\t\t\t        <div class=\"module-preloader jeg_preloader dot\">\n\t\t\t\t            <span><\/span><span><\/span><span><\/span>\n\t\t\t\t        <\/div>\n\t\t\t\t        <div class=\"module-preloader jeg_preloader circle\">\n\t\t\t\t            <div class=\"jnews_preloader_circle_outer\">\n\t\t\t\t                <div class=\"jnews_preloader_circle_inner\"><\/div>\n\t\t\t\t            <\/div>\n\t\t\t\t        <\/div>\n\t\t\t\t        <div class=\"module-preloader jeg_preloader square\">\n\t\t\t\t            <div class=\"jeg_square\">\n\t\t\t\t                <div class=\"jeg_square_inner\"><\/div>\n\t\t\t\t            <\/div>\n\t\t\t\t        <\/div>\n\t\t\t\t    <\/div>\n\t\t\t\t<\/div>\n                <\/div>\n                <div class=\"jeg_block_navigation\">\n                    <div class='navigation_overlay'><div class='module-preloader jeg_preloader'><span><\/span><span><\/span><span><\/span><\/div><\/div>\n                    \n                    \n                <\/div>\n\t\t\t\t\t\n\t\t\t\t\t<script>var jnews_module__6_69f5bdd1c7bf7 = {\"header_icon\":\"\",\"first_title\":\"BUSINESS\",\"second_title\":\"\",\"url\":\"\",\"header_type\":\"heading_6\",\"header_background\":\"\",\"header_secondary_background\":\"\",\"header_text_color\":\"\",\"header_line_color\":\"\",\"header_accent_color\":\"\",\"header_filter_category\":\"\",\"header_filter_author\":\"\",\"header_filter_tag\":\"\",\"header_filter_text\":\"All\",\"post_type\":\"post\",\"content_type\":\"all\",\"number_post\":\"6\",\"post_offset\":\"0\",\"unique_content\":\"unique1\",\"include_post\":\"\",\"included_only\":false,\"exclude_post\":\"251,228,200,257,194\",\"include_category\":\"2\",\"exclude_category\":\"\",\"include_author\":\"\",\"include_tag\":\"\",\"exclude_tag\":\"\",\"sort_by\":\"latest\",\"date_format\":\"default\",\"date_format_custom\":\"Y\\\/m\\\/d\",\"excerpt_length\":\"20\",\"excerpt_ellipsis\":\"...\",\"force_normal_image_load\":\"\",\"pagination_mode\":\"disable\",\"pagination_nextprev_showtext\":\"\",\"pagination_number_post\":4,\"pagination_scroll_limit\":0,\"boxed\":\"\",\"boxed_shadow\":\"\",\"el_id\":\"\",\"el_class\":\"\",\"scheme\":\"\",\"column_width\":\"auto\",\"title_color\":\"\",\"accent_color\":\"\",\"alt_color\":\"\",\"excerpt_color\":\"\",\"css\":\"\",\"compatible_column_notice\":\"\",\"paged\":1,\"column_class\":\"jeg_col_2o3\",\"class\":\"jnews_block_17\"};<\/script>\n\t\t\t\t<\/div><div  class=\"jeg_postblock_9 jeg_postblock jeg_module_hook jeg_pagination_disable jeg_col_2o3 jnews_module__7_69f5bdd1c9b9a   \" data-unique=\"jnews_module__7_69f5bdd1c9b9a\">\n\t\t\t\t\t<div class=\"jeg_block_heading jeg_block_heading_6 jeg_subcat_right\">\n                     <h3 class=\"jeg_block_title\"><span>Entertainment<\/span><\/h3>\n                     \n                 <\/div>\n\t\t\t\t\t<div class=\"jeg_block_container\">\n                    \n                    <div class='jeg_empty_module'>No Content Available<\/div>\n                    <div class='module-overlay'>\n\t\t\t\t    <div class='preloader_type preloader_dot'>\n\t\t\t\t        <div class=\"module-preloader jeg_preloader dot\">\n\t\t\t\t            <span><\/span><span><\/span><span><\/span>\n\t\t\t\t        <\/div>\n\t\t\t\t        <div class=\"module-preloader jeg_preloader circle\">\n\t\t\t\t            <div class=\"jnews_preloader_circle_outer\">\n\t\t\t\t                <div class=\"jnews_preloader_circle_inner\"><\/div>\n\t\t\t\t            <\/div>\n\t\t\t\t        <\/div>\n\t\t\t\t        <div class=\"module-preloader jeg_preloader square\">\n\t\t\t\t            <div class=\"jeg_square\">\n\t\t\t\t                <div class=\"jeg_square_inner\"><\/div>\n\t\t\t\t            <\/div>\n\t\t\t\t        <\/div>\n\t\t\t\t    <\/div>\n\t\t\t\t<\/div>\n                <\/div>\n                <div class=\"jeg_block_navigation\">\n                    <div class='navigation_overlay'><div class='module-preloader jeg_preloader'><span><\/span><span><\/span><span><\/span><\/div><\/div>\n                    \n                    \n                <\/div>\n\t\t\t\t\t\n\t\t\t\t\t<script>var jnews_module__7_69f5bdd1c9b9a = {\"header_icon\":\"\",\"first_title\":\"Entertainment\",\"second_title\":\"\",\"url\":\"\",\"header_type\":\"heading_6\",\"header_background\":\"\",\"header_secondary_background\":\"\",\"header_text_color\":\"\",\"header_line_color\":\"\",\"header_accent_color\":\"\",\"header_filter_category\":\"\",\"header_filter_author\":\"\",\"header_filter_tag\":\"\",\"header_filter_text\":\"All\",\"post_type\":\"post\",\"content_type\":\"all\",\"number_post\":\"4\",\"post_offset\":\"0\",\"unique_content\":\"unique1\",\"include_post\":\"\",\"included_only\":false,\"exclude_post\":\"251,228,200,257,194,40\",\"include_category\":\"3\",\"exclude_category\":\"\",\"include_author\":\"\",\"include_tag\":\"\",\"exclude_tag\":\"\",\"sort_by\":\"latest\",\"date_format\":\"default\",\"date_format_custom\":\"Y\\\/m\\\/d\",\"force_normal_image_load\":\"\",\"pagination_mode\":\"disable\",\"pagination_nextprev_showtext\":\"\",\"pagination_number_post\":4,\"pagination_scroll_limit\":0,\"boxed\":\"\",\"boxed_shadow\":\"\",\"el_id\":\"\",\"el_class\":\"\",\"scheme\":\"\",\"column_width\":\"auto\",\"title_color\":\"\",\"accent_color\":\"\",\"alt_color\":\"\",\"excerpt_color\":\"\",\"css\":\"\",\"compatible_column_notice\":\"\",\"paged\":1,\"column_class\":\"jeg_col_2o3\",\"class\":\"jnews_block_9\"};<\/script>\n\t\t\t\t<\/div>[\/vc_column][vc_column width=\u00bb1\/3&#8243; sticky_sidebar=\u00bbyes\u00bb set_as_sidebar=\u00bbyes\u00bb][vc_widget_sidebar sidebar_id=\u00bbhome-5&#8243;]<div  class='jeg_ad jeg_ad_module jnews_module__8_69f5bdd1ca012   '><div class='ads-wrapper'><a href='http:\/\/bit.ly\/jnewsio' target='_blank' rel=\"nofollow noopener\" class='adlink ads_image '>\n\t\t\t\t\t\t\t\t<img src='https:\/\/observatoriopoliticouniversitario.com\/wp-content\/themes\/jnews\/assets\/img\/jeg-empty.png' class='lazyload' data-src='https:\/\/observatoriopoliticouniversitario.com\/wp-content\/uploads\/2022\/04\/ad_300x600.jpg' alt='' data-pin-no-hover=\"true\">\n\t\t\t\t\t\t\t<\/a><\/div><\/div>[\/vc_column][\/vc_row][vc_row][vc_column]<div  class=\"jeg_block_heading jeg_block_heading_8 jeg_aligncenter jnews_module__9_69f5bdd1ca908 vc_custom_1483598309110  \">\n                <h3 class=\"jeg_block_title\"><span>Carousel <strong>News<\/strong><\/span><\/h3>\n                \n            <\/div><div class='jeg_empty_module'>No Content Available<\/div><div  class='jeg_ad jeg_ad_module jnews_module__11_69f5bdd1cbb70   '><div class='ads-wrapper'><a href='http:\/\/bit.ly\/jnewsio' target='_blank' rel=\"nofollow noopener\" class='adlink ads_image '>\n\t\t\t\t\t\t\t\t<img src='https:\/\/observatoriopoliticouniversitario.com\/wp-content\/themes\/jnews\/assets\/img\/jeg-empty.png' class='lazyload' data-src='https:\/\/observatoriopoliticouniversitario.com\/wp-content\/uploads\/2022\/04\/ad_970x90.png' alt='' data-pin-no-hover=\"true\">\n\t\t\t\t\t\t\t<\/a><\/div><\/div>[\/vc_column][\/vc_row]<\/p>\n","protected":false},"excerpt":{"rendered":"<p>[vc_row][vc_column width=\u00bb2\/3&#8243;][\/vc_column][vc_column width=\u00bb1\/3&#8243; sticky_sidebar=\u00bbyes\u00bb set_as_sidebar=\u00bbyes\u00bb][vc_widget_sidebar sidebar_id=\u00bbhome-5&#8243;][\/vc_column][\/vc_row][vc_row][vc_column][\/vc_column][\/vc_row]<\/p>\n","protected":false},"author":1,"featured_media":0,"parent":0,"menu_order":0,"comment_status":"open","ping_status":"closed","template":"template-builder.php","meta":{"om_disable_all_campaigns":false,"_monsterinsights_skip_tracking":false,"_monsterinsights_sitenote_active":false,"_monsterinsights_sitenote_note":"","_monsterinsights_sitenote_category":0,"footnotes":""},"class_list":["post-78","page","type-page","status-publish","hentry"],"_links":{"self":[{"href":"https:\/\/observatoriopoliticouniversitario.com\/index.php\/wp-json\/wp\/v2\/pages\/78","targetHints":{"allow":["GET"]}}],"collection":[{"href":"https:\/\/observatoriopoliticouniversitario.com\/index.php\/wp-json\/wp\/v2\/pages"}],"about":[{"href":"https:\/\/observatoriopoliticouniversitario.com\/index.php\/wp-json\/wp\/v2\/types\/page"}],"author":[{"embeddable":true,"href":"https:\/\/observatoriopoliticouniversitario.com\/index.php\/wp-json\/wp\/v2\/users\/1"}],"replies":[{"embeddable":true,"href":"https:\/\/observatoriopoliticouniversitario.com\/index.php\/wp-json\/wp\/v2\/comments?post=78"}],"version-history":[{"count":2,"href":"https:\/\/observatoriopoliticouniversitario.com\/index.php\/wp-json\/wp\/v2\/pages\/78\/revisions"}],"predecessor-version":[{"id":609,"href":"https:\/\/observatoriopoliticouniversitario.com\/index.php\/wp-json\/wp\/v2\/pages\/78\/revisions\/609"}],"wp:attachment":[{"href":"https:\/\/observatoriopoliticouniversitario.com\/index.php\/wp-json\/wp\/v2\/media?parent=78"}],"curies":[{"name":"wp","href":"https:\/\/api.w.org\/{rel}","templated":true}]}}